{"id":4317,"date":"2023-09-25T19:57:24","date_gmt":"2023-09-25T17:57:24","guid":{"rendered":"https:\/\/gradschool.eiphi.ubfc.fr\/?page_id=4317"},"modified":"2023-11-08T17:47:20","modified_gmt":"2023-11-08T16:47:20","slug":"distinctions","status":"publish","type":"page","link":"https:\/\/gradschool.eiphi.ubfc.fr\/?page_id=4317","title":{"rendered":"Distinctions"},"content":{"rendered":"\n<h1 class=\"wp-block-heading\">ERC<\/h1>\n\n\n\n<div class=\"wp-block-media-text alignwide is-stacked-on-mobile\"><figure class=\"wp-block-media-text__media\"><img loading=\"lazy\" decoding=\"async\" width=\"1200\" height=\"675\" src=\"https:\/\/gradschool.eiphi.ubfc.fr\/wp-content\/uploads\/2023\/09\/Fd45ldfWYAEX4K9.jpg\" alt=\"\" class=\"wp-image-4367 size-full\" srcset=\"https:\/\/gradschool.eiphi.ubfc.fr\/wp-content\/uploads\/2023\/09\/Fd45ldfWYAEX4K9.jpg 1200w, https:\/\/gradschool.eiphi.ubfc.fr\/wp-content\/uploads\/2023\/09\/Fd45ldfWYAEX4K9-300x169.jpg 300w, https:\/\/gradschool.eiphi.ubfc.fr\/wp-content\/uploads\/2023\/09\/Fd45ldfWYAEX4K9-768x432.jpg 768w\" sizes=\"auto, (max-width: 1200px) 100vw, 1200px\" \/><\/figure><div class=\"wp-block-media-text__content is-layout-flow wp-block-media-text-is-layout-flow\">\n<h2 class=\"wp-block-heading\">Daniel BRUNNER, ERC Consolidator <a href=\"https:\/\/www.femto-st.fr\/en\/The-institute\/news\/daniel-brunner-winner-erc-consolidator-grant-2021\">INSPIRE 2021<\/a><\/h2>\n<\/div><\/div>\n\n\n\n<div class=\"wp-block-media-text alignwide is-stacked-on-mobile\" style=\"grid-template-columns:51% auto\"><figure class=\"wp-block-media-text__media\"><img loading=\"lazy\" decoding=\"async\" width=\"580\" height=\"290\" src=\"https:\/\/gradschool.eiphi.ubfc.fr\/wp-content\/uploads\/2023\/09\/Lopatin-1.png\" alt=\"\" class=\"wp-image-4371 size-full\" srcset=\"https:\/\/gradschool.eiphi.ubfc.fr\/wp-content\/uploads\/2023\/09\/Lopatin-1.png 580w, https:\/\/gradschool.eiphi.ubfc.fr\/wp-content\/uploads\/2023\/09\/Lopatin-1-300x150.png 300w\" sizes=\"auto, (max-width: 580px) 100vw, 580px\" \/><\/figure><div class=\"wp-block-media-text__content is-layout-flow wp-block-media-text-is-layout-flow\">\n<h2 class=\"wp-block-heading\">Jean-Julien AUCOUTURIER, DR CNRS (en mutation 2021 de l\u2019IRCAM \u00e0 FEMTO-ST), ERC Proof of<br><a href=\"https:\/\/www.ins2i.cnrs.fr\/fr\/cnrsinfo\/un-erc-proof-concept-pour-jean-julien-aucouturier-lalgorithme-du-sourire\">Concept ACTIVATE<\/a> (<em>obtenue hors EIPHI, mutation post\u00e9rieure \u00e0 l&#8217;obtention d&#8217;ERC<\/em>)<\/h2>\n<\/div><\/div>\n\n\n\n<div class=\"wp-block-media-text alignwide is-stacked-on-mobile\"><figure class=\"wp-block-media-text__media\"><img loading=\"lazy\" decoding=\"async\" width=\"580\" height=\"290\" src=\"https:\/\/gradschool.eiphi.ubfc.fr\/wp-content\/uploads\/2023\/09\/benchabane.png\" alt=\"\" class=\"wp-image-4372 size-full\" srcset=\"https:\/\/gradschool.eiphi.ubfc.fr\/wp-content\/uploads\/2023\/09\/benchabane.png 580w, https:\/\/gradschool.eiphi.ubfc.fr\/wp-content\/uploads\/2023\/09\/benchabane-300x150.png 300w\" sizes=\"auto, (max-width: 580px) 100vw, 580px\" \/><\/figure><div class=\"wp-block-media-text__content is-layout-flow wp-block-media-text-is-layout-flow\">\n<h2 class=\"wp-block-heading\">Sarah BENCHABANE, ERC Consolidator grant 2019 <strong><a href=\"https:\/\/www.femto-st.fr\/en\/The-institute\/news\/sarah-benchabane-winner-erc-consolidator-grant-2019\">Nanophonics for Quantum Information Processing Project<\/a><\/strong><\/h2>\n<\/div><\/div>\n\n\n\n<h1 class=\"wp-block-heading\">European Projects<\/h1>\n\n\n\n<div class=\"wp-block-media-text alignwide is-stacked-on-mobile\"><figure class=\"wp-block-media-text__media\"><img loading=\"lazy\" decoding=\"async\" width=\"1500\" height=\"1000\" src=\"https:\/\/gradschool.eiphi.ubfc.fr\/wp-content\/uploads\/2023\/09\/QUANTEEM-1-1500x1000.png\" alt=\"\" class=\"wp-image-4380 size-full\" srcset=\"https:\/\/gradschool.eiphi.ubfc.fr\/wp-content\/uploads\/2023\/09\/QUANTEEM-1-1500x1000.png 1500w, https:\/\/gradschool.eiphi.ubfc.fr\/wp-content\/uploads\/2023\/09\/QUANTEEM-1-300x200.png 300w, https:\/\/gradschool.eiphi.ubfc.fr\/wp-content\/uploads\/2023\/09\/QUANTEEM-1-768x512.png 768w, https:\/\/gradschool.eiphi.ubfc.fr\/wp-content\/uploads\/2023\/09\/QUANTEEM-1-1536x1024.png 1536w, https:\/\/gradschool.eiphi.ubfc.fr\/wp-content\/uploads\/2023\/09\/QUANTEEM-1-2048x1365.png 2048w\" sizes=\"auto, (max-width: 1500px) 100vw, 1500px\" \/><\/figure><div class=\"wp-block-media-text__content is-layout-flow wp-block-media-text-is-layout-flow\">\n<h2 class=\"wp-block-heading\">St\u00e9phane GUERIN, <a href=\"https:\/\/ec.europa.eu\/info\/funding-tenders\/opportunities\/portal\/screen\/how-to-participate\/org-details\/999999999\/project\/101050730\/program\/43353764\/details\">Erasmus MUNDUS QuanTEEM<\/a> (ccord. St\u00e9phane GUERIN)<\/h2>\n<\/div><\/div>\n\n\n\n<div class=\"wp-block-media-text alignwide is-stacked-on-mobile\"><figure class=\"wp-block-media-text__media\"><img loading=\"lazy\" decoding=\"async\" width=\"250\" height=\"79\" src=\"https:\/\/gradschool.eiphi.ubfc.fr\/wp-content\/uploads\/2023\/09\/MAIA.png\" alt=\"\" class=\"wp-image-4379 size-full\"\/><\/figure><div class=\"wp-block-media-text__content is-layout-flow wp-block-media-text-is-layout-flow\">\n<h2 class=\"wp-block-heading\"><a href=\"https:\/\/erasmus-plus.ec.europa.eu\/projects\/search\/details\/610600-EPP-1-2019-1-ES-EPPKA1-JMD-MOB\">Erasmus Mundus : MaIA <\/a>(non coord. mais porteur EIPHI David FOFI)<\/h2>\n<\/div><\/div>\n\n\n\n<div class=\"wp-block-media-text alignwide is-stacked-on-mobile\"><figure class=\"wp-block-media-text__media\"><img loading=\"lazy\" decoding=\"async\" width=\"768\" height=\"247\" src=\"https:\/\/gradschool.eiphi.ubfc.fr\/wp-content\/uploads\/2023\/09\/logo_1-768x247-1.png\" alt=\"\" class=\"wp-image-4375 size-full\" srcset=\"https:\/\/gradschool.eiphi.ubfc.fr\/wp-content\/uploads\/2023\/09\/logo_1-768x247-1.png 768w, https:\/\/gradschool.eiphi.ubfc.fr\/wp-content\/uploads\/2023\/09\/logo_1-768x247-1-300x96.png 300w\" sizes=\"auto, (max-width: 768px) 100vw, 768px\" \/><\/figure><div class=\"wp-block-media-text__content is-layout-flow wp-block-media-text-is-layout-flow\">\n<h2 class=\"wp-block-heading\">St\u00e9phane Gu\u00e9rin,<br>LIMQUET, <a href=\"https:\/\/cordis.europa.eu\/project\/id\/765075\">H2020-MSCA-ITN-ETN<\/a><\/h2>\n<\/div><\/div>\n\n\n\n<div class=\"wp-block-media-text alignwide is-stacked-on-mobile\"><figure class=\"wp-block-media-text__media\"><img loading=\"lazy\" decoding=\"async\" width=\"1000\" height=\"509\" src=\"https:\/\/gradschool.eiphi.ubfc.fr\/wp-content\/uploads\/2023\/09\/81f9ef_341000447f834beeb592f575f6bd40f2mv2_d_5926_3016_s_4_2.jpeg\" alt=\"\" class=\"wp-image-4376 size-full\" srcset=\"https:\/\/gradschool.eiphi.ubfc.fr\/wp-content\/uploads\/2023\/09\/81f9ef_341000447f834beeb592f575f6bd40f2mv2_d_5926_3016_s_4_2.jpeg 1000w, https:\/\/gradschool.eiphi.ubfc.fr\/wp-content\/uploads\/2023\/09\/81f9ef_341000447f834beeb592f575f6bd40f2mv2_d_5926_3016_s_4_2-300x153.jpeg 300w, https:\/\/gradschool.eiphi.ubfc.fr\/wp-content\/uploads\/2023\/09\/81f9ef_341000447f834beeb592f575f6bd40f2mv2_d_5926_3016_s_4_2-768x391.jpeg 768w\" sizes=\"auto, (max-width: 1000px) 100vw, 1000px\" \/><\/figure><div class=\"wp-block-media-text__content is-layout-flow wp-block-media-text-is-layout-flow\">\n<h2 class=\"wp-block-heading\">Fran\u00e7ois Courvoisier, kWflexiburst,<br><a href=\"https:\/\/www.kw-flexiburst.eu\/post\/european-consortium-to-lead-ground-breaking-research-project-kw-flexiburst\">H2020-ICT-RIA<\/a><\/h2>\n<\/div><\/div>\n\n\n\n<h1 class=\"wp-block-heading\">Other International Prices<\/h1>\n\n\n\n<div class=\"wp-block-media-text alignwide is-stacked-on-mobile\" style=\"grid-template-columns:24% auto\"><figure class=\"wp-block-media-text__media\"><img loading=\"lazy\" decoding=\"async\" width=\"449\" height=\"427\" src=\"https:\/\/gradschool.eiphi.ubfc.fr\/wp-content\/uploads\/2023\/09\/brunner-1.jpg\" alt=\"\" class=\"wp-image-4384 size-full\" srcset=\"https:\/\/gradschool.eiphi.ubfc.fr\/wp-content\/uploads\/2023\/09\/brunner-1.jpg 449w, https:\/\/gradschool.eiphi.ubfc.fr\/wp-content\/uploads\/2023\/09\/brunner-1-300x285.jpg 300w\" sizes=\"auto, (max-width: 449px) 100vw, 449px\" \/><\/figure><div class=\"wp-block-media-text__content is-layout-flow wp-block-media-text-is-layout-flow\">\n<h2 class=\"wp-block-heading\">Daniel BRUNNER, 2021 Emerging Leaders in Photonics Award, <a href=\"https:\/\/iopscience.iop.org\/journal\/2515-7647\/page\/emerging-leaders-2021\">Journal of Physics (IOP)<\/a><\/h2>\n<\/div><\/div>\n\n\n\n<div class=\"wp-block-media-text alignwide is-stacked-on-mobile\" style=\"grid-template-columns:25% auto\"><figure class=\"wp-block-media-text__media\"><img loading=\"lazy\" decoding=\"async\" width=\"1024\" height=\"683\" src=\"https:\/\/gradschool.eiphi.ubfc.fr\/wp-content\/uploads\/2023\/09\/DSC07478_kopie-1024x683-1.jpg\" alt=\"\" class=\"wp-image-4382 size-full\" srcset=\"https:\/\/gradschool.eiphi.ubfc.fr\/wp-content\/uploads\/2023\/09\/DSC07478_kopie-1024x683-1.jpg 1024w, https:\/\/gradschool.eiphi.ubfc.fr\/wp-content\/uploads\/2023\/09\/DSC07478_kopie-1024x683-1-300x200.jpg 300w, https:\/\/gradschool.eiphi.ubfc.fr\/wp-content\/uploads\/2023\/09\/DSC07478_kopie-1024x683-1-768x512.jpg 768w\" sizes=\"auto, (max-width: 1024px) 100vw, 1024px\" \/><\/figure><div class=\"wp-block-media-text__content is-layout-flow wp-block-media-text-is-layout-flow\">\n<h2 class=\"wp-block-heading\">Naguy MOUSSA (doctorant), European Gas Research Group (GERG) <a href=\"https:\/\/www.gerg.eu\/the-2022-young-researchers-awards\/\">Young Researchers\u2019 Award 2022<\/a><\/h2>\n<\/div><\/div>\n\n\n\n<div class=\"wp-block-media-text alignwide is-stacked-on-mobile\" style=\"grid-template-columns:26% auto\"><figure class=\"wp-block-media-text__media\"><img loading=\"lazy\" decoding=\"async\" width=\"431\" height=\"430\" src=\"https:\/\/gradschool.eiphi.ubfc.fr\/wp-content\/uploads\/2023\/09\/LMSPrice_Mokdad_page-0001.jpg\" alt=\"\" class=\"wp-image-4387 size-full\" srcset=\"https:\/\/gradschool.eiphi.ubfc.fr\/wp-content\/uploads\/2023\/09\/LMSPrice_Mokdad_page-0001.jpg 431w, https:\/\/gradschool.eiphi.ubfc.fr\/wp-content\/uploads\/2023\/09\/LMSPrice_Mokdad_page-0001-300x300.jpg 300w, https:\/\/gradschool.eiphi.ubfc.fr\/wp-content\/uploads\/2023\/09\/LMSPrice_Mokdad_page-0001-150x150.jpg 150w\" sizes=\"auto, (max-width: 431px) 100vw, 431px\" \/><\/figure><div class=\"wp-block-media-text__content is-layout-flow wp-block-media-text-is-layout-flow\">\n<h2 class=\"wp-block-heading\">R\u00e9mi MOKDAD, Atiyah UK-Lebanon Fellow of the<a href=\"https:\/\/math.u-bourgogne.fr\/import\/lms-atiyah-uk-lebanon-fellow.html\"> London Mathematical Society 2022\u201323<\/a><\/h2>\n<\/div><\/div>\n\n\n\n<div class=\"wp-block-media-text alignwide is-stacked-on-mobile\" style=\"grid-template-columns:30% auto\"><figure class=\"wp-block-media-text__media\"><img loading=\"lazy\" decoding=\"async\" width=\"892\" height=\"777\" src=\"https:\/\/gradschool.eiphi.ubfc.fr\/wp-content\/uploads\/2023\/09\/bolopion.png\" alt=\"\" class=\"wp-image-4388 size-full\" srcset=\"https:\/\/gradschool.eiphi.ubfc.fr\/wp-content\/uploads\/2023\/09\/bolopion.png 892w, https:\/\/gradschool.eiphi.ubfc.fr\/wp-content\/uploads\/2023\/09\/bolopion-300x261.png 300w, https:\/\/gradschool.eiphi.ubfc.fr\/wp-content\/uploads\/2023\/09\/bolopion-768x669.png 768w\" sizes=\"auto, (max-width: 892px) 100vw, 892px\" \/><\/figure><div class=\"wp-block-media-text__content is-layout-flow wp-block-media-text-is-layout-flow\">\n<h2 class=\"wp-block-heading\">Aude BOLOPION, <a href=\"https:\/\/www.femto-st.fr\/fr\/L-institut\/actualite\/aude-bolopion-recoit-le-tres-selectif-big-small-award-2022\">Big-on-Small Award MARSS 2022<\/a><\/h2>\n<\/div><\/div>\n\n\n\n<div class=\"wp-block-media-text alignwide is-stacked-on-mobile\" style=\"grid-template-columns:15% auto\"><figure class=\"wp-block-media-text__media\"><img loading=\"lazy\" decoding=\"async\" width=\"150\" height=\"210\" src=\"https:\/\/gradschool.eiphi.ubfc.fr\/wp-content\/uploads\/2023\/09\/Cogan-Scott-150x210-1.png\" alt=\"\" class=\"wp-image-4389 size-full\"\/><\/figure><div class=\"wp-block-media-text__content is-layout-flow wp-block-media-text-is-layout-flow\">\n<h2 class=\"wp-block-heading\">Scott COGAN, <a href=\"https:\/\/sem.org\/cogan-scott-bio\">D.J. DeMichele Award 2020<\/a> (Society for Experimental Mechanics)<\/h2>\n<\/div><\/div>\n\n\n\n<figure class=\"wp-block-image size-full is-resized\"><a href=\"https:\/\/www.optica.org\/about\/newsroom\/news_releases\/2020\/the_optical_society_names_john_dudley_the_2020_r_w_wood_prize_recipient\/\"><img loading=\"lazy\" decoding=\"async\" src=\"https:\/\/gradschool.eiphi.ubfc.fr\/wp-content\/uploads\/2023\/09\/1582555782152-1.jpg\" alt=\"\" class=\"wp-image-4393\" width=\"614\" height=\"311\" srcset=\"https:\/\/gradschool.eiphi.ubfc.fr\/wp-content\/uploads\/2023\/09\/1582555782152-1.jpg 1292w, https:\/\/gradschool.eiphi.ubfc.fr\/wp-content\/uploads\/2023\/09\/1582555782152-1-300x152.jpg 300w, https:\/\/gradschool.eiphi.ubfc.fr\/wp-content\/uploads\/2023\/09\/1582555782152-1-768x390.jpg 768w\" sizes=\"auto, (max-width: 614px) 100vw, 614px\" \/><\/a><\/figure>\n\n\n\n<div class=\"wp-block-media-text alignwide is-stacked-on-mobile\" style=\"grid-template-columns:25% auto\"><figure class=\"wp-block-media-text__media\"><img loading=\"lazy\" decoding=\"async\" width=\"200\" height=\"250\" src=\"https:\/\/gradschool.eiphi.ubfc.fr\/wp-content\/uploads\/2023\/09\/picture-300-1673504020.png\" alt=\"\" class=\"wp-image-4413 size-full\"\/><\/figure><div class=\"wp-block-media-text__content is-layout-flow wp-block-media-text-is-layout-flow\">\n<h2 class=\"wp-block-heading\">Fei Gao, <a href=\"https:\/\/www.ieee-ies.org\/about\/awards\/awards-info\/192-j-david-irwin-early-career-award\">2020 IEEE J. David Irwin Early Career Award<\/a><\/h2>\n<\/div><\/div>\n\n\n\n<div class=\"wp-block-media-text alignwide is-stacked-on-mobile\" style=\"grid-template-columns:33% auto\"><figure class=\"wp-block-media-text__media\"><img loading=\"lazy\" decoding=\"async\" width=\"1500\" height=\"1000\" src=\"https:\/\/gradschool.eiphi.ubfc.fr\/wp-content\/uploads\/2023\/09\/Rodolphe-Boudot-2-photo-Ludovic-Godard-scaled-1-1500x1000.jpg\" alt=\"\" class=\"wp-image-4396 size-full\" srcset=\"https:\/\/gradschool.eiphi.ubfc.fr\/wp-content\/uploads\/2023\/09\/Rodolphe-Boudot-2-photo-Ludovic-Godard-scaled-1-1500x1000.jpg 1500w, https:\/\/gradschool.eiphi.ubfc.fr\/wp-content\/uploads\/2023\/09\/Rodolphe-Boudot-2-photo-Ludovic-Godard-scaled-1-300x200.jpg 300w, https:\/\/gradschool.eiphi.ubfc.fr\/wp-content\/uploads\/2023\/09\/Rodolphe-Boudot-2-photo-Ludovic-Godard-scaled-1-768x512.jpg 768w, https:\/\/gradschool.eiphi.ubfc.fr\/wp-content\/uploads\/2023\/09\/Rodolphe-Boudot-2-photo-Ludovic-Godard-scaled-1-1536x1024.jpg 1536w, https:\/\/gradschool.eiphi.ubfc.fr\/wp-content\/uploads\/2023\/09\/Rodolphe-Boudot-2-photo-Ludovic-Godard-scaled-1-2048x1366.jpg 2048w\" sizes=\"auto, (max-width: 1500px) 100vw, 1500px\" \/><\/figure><div class=\"wp-block-media-text__content is-layout-flow wp-block-media-text-is-layout-flow\">\n<h2 class=\"wp-block-heading\">Rodolphe BOUDOT, <a href=\"https:\/\/www.femto-st.fr\/fr\/L-institut\/actualite\/rodolphe-boudot-recoit-le-prix-eftf-young-scientist-award-2020\">Young Scientist Award 2020<\/a> (European Frequency and Time Forum)<\/h2>\n<\/div><\/div>\n\n\n\n<div class=\"wp-block-media-text alignwide is-stacked-on-mobile\" style=\"grid-template-columns:29% auto\"><figure class=\"wp-block-media-text__media\"><img loading=\"lazy\" decoding=\"async\" width=\"800\" height=\"800\" src=\"https:\/\/gradschool.eiphi.ubfc.fr\/wp-content\/uploads\/2023\/09\/1601624187440.jpg\" alt=\"\" class=\"wp-image-4398 size-full\" srcset=\"https:\/\/gradschool.eiphi.ubfc.fr\/wp-content\/uploads\/2023\/09\/1601624187440.jpg 800w, https:\/\/gradschool.eiphi.ubfc.fr\/wp-content\/uploads\/2023\/09\/1601624187440-300x300.jpg 300w, https:\/\/gradschool.eiphi.ubfc.fr\/wp-content\/uploads\/2023\/09\/1601624187440-150x150.jpg 150w, https:\/\/gradschool.eiphi.ubfc.fr\/wp-content\/uploads\/2023\/09\/1601624187440-768x768.jpg 768w\" sizes=\"auto, (max-width: 800px) 100vw, 800px\" \/><\/figure><div class=\"wp-block-media-text__content is-layout-flow wp-block-media-text-is-layout-flow\">\n<h2 class=\"wp-block-heading\">Nicolas SIMONCINI, <a href=\"https:\/\/www.icohtec.org\/prizes\/prizes-turriano-icohtec\/2020-turriano-icohtec-prize\/\">Turriano-ICOHTEC Book Prize 2020<\/a> (International Committee for the History of Technology)<\/h2>\n<\/div><\/div>\n\n\n\n<div class=\"wp-block-media-text alignwide is-stacked-on-mobile\" style=\"grid-template-columns:29% auto\"><figure class=\"wp-block-media-text__media\"><img loading=\"lazy\" decoding=\"async\" width=\"290\" height=\"290\" src=\"https:\/\/gradschool.eiphi.ubfc.fr\/wp-content\/uploads\/2023\/09\/Mengjia-Wang.jpg\" alt=\"\" class=\"wp-image-4399 size-full\" srcset=\"https:\/\/gradschool.eiphi.ubfc.fr\/wp-content\/uploads\/2023\/09\/Mengjia-Wang.jpg 290w, https:\/\/gradschool.eiphi.ubfc.fr\/wp-content\/uploads\/2023\/09\/Mengjia-Wang-150x150.jpg 150w\" sizes=\"auto, (max-width: 290px) 100vw, 290px\" \/><\/figure><div class=\"wp-block-media-text__content is-layout-flow wp-block-media-text-is-layout-flow\">\n<h2 class=\"wp-block-heading\">Mengjia WANG, CSC fellowship recipient, <a href=\"https:\/\/www.femto-st.fr\/en\/The-institute\/news\/mengjia-wang-receives-chinese-government-award-2020\">Chinese government award 2020<\/a> for Outstanding thesis achievement<\/h2>\n<\/div><\/div>\n\n\n\n<div class=\"wp-block-media-text alignwide is-stacked-on-mobile\" style=\"grid-template-columns:22% auto\"><figure class=\"wp-block-media-text__media\"><img loading=\"lazy\" decoding=\"async\" width=\"176\" height=\"214\" src=\"https:\/\/gradschool.eiphi.ubfc.fr\/wp-content\/uploads\/2023\/09\/Capture.png\" alt=\"\" class=\"wp-image-4400 size-full\"\/><\/figure><div class=\"wp-block-media-text__content is-layout-flow wp-block-media-text-is-layout-flow\">\n<h2 class=\"wp-block-heading\">J. Sj\u00f6strand, <a href=\"https:\/\/www.ams.org\/journals\/notices\/201904\/rnoti-p623.pdf\">2018 AMS Stefan Bergman Prize<\/a><\/h2>\n<\/div><\/div>\n\n\n\n<div class=\"wp-block-media-text alignwide is-stacked-on-mobile\" style=\"grid-template-columns:32% auto\"><figure class=\"wp-block-media-text__media\"><img loading=\"lazy\" decoding=\"async\" width=\"1280\" height=\"854\" src=\"https:\/\/gradschool.eiphi.ubfc.fr\/wp-content\/uploads\/2023\/09\/enrico-1280x854px-2014.jpg\" alt=\"\" class=\"wp-image-4401 size-full\" srcset=\"https:\/\/gradschool.eiphi.ubfc.fr\/wp-content\/uploads\/2023\/09\/enrico-1280x854px-2014.jpg 1280w, https:\/\/gradschool.eiphi.ubfc.fr\/wp-content\/uploads\/2023\/09\/enrico-1280x854px-2014-300x200.jpg 300w, https:\/\/gradschool.eiphi.ubfc.fr\/wp-content\/uploads\/2023\/09\/enrico-1280x854px-2014-768x512.jpg 768w\" sizes=\"auto, (max-width: 1280px) 100vw, 1280px\" \/><\/figure><div class=\"wp-block-media-text__content is-layout-flow wp-block-media-text-is-layout-flow\">\n<h2 class=\"wp-block-heading\">E. Rubiola, 2018 IEEE <a href=\"https:\/\/ieee-uffc.org\/award\/walter-g-cady-award\">UFFC G.W. Cady Award<\/a><\/h2>\n<\/div><\/div>\n\n\n\n<div class=\"wp-block-media-text alignwide is-stacked-on-mobile\" style=\"grid-template-columns:20% auto\"><figure class=\"wp-block-media-text__media\"><img loading=\"lazy\" decoding=\"async\" width=\"200\" height=\"253\" src=\"https:\/\/gradschool.eiphi.ubfc.fr\/wp-content\/uploads\/2023\/09\/picture-1235-1543312055.jpg\" alt=\"\" class=\"wp-image-4402 size-full\"\/><\/figure><div class=\"wp-block-media-text__content is-layout-flow wp-block-media-text-is-layout-flow\">\n<h2 class=\"wp-block-heading\">E. Pahon, Hydrogen <a href=\"https:\/\/www.femto-st.fr\/en\/The-institute\/news\/elodie-pahon-award-winner-hydrogen-europe-research-young-scientist-transport\">Europe Research Young Scientist Award 2018<\/a><\/h2>\n<\/div><\/div>\n\n\n\n<div class=\"wp-block-media-text alignwide is-stacked-on-mobile\" style=\"grid-template-columns:19% auto\"><figure class=\"wp-block-media-text__media\"><img loading=\"lazy\" decoding=\"async\" width=\"188\" height=\"268\" src=\"https:\/\/gradschool.eiphi.ubfc.fr\/wp-content\/uploads\/2023\/09\/index.jpg\" alt=\"\" class=\"wp-image-4403 size-full\"\/><\/figure><div class=\"wp-block-media-text__content is-layout-flow wp-block-media-text-is-layout-flow\">\n<h2 class=\"wp-block-heading\">E. Ramasso, membre groupe de travail r\u00e9compens\u00e9 par le NASA Honor &amp; Presidential \u00ab <a href=\"https:\/\/www.femto-st.fr\/en\/The-institute\/news\/emmanuel-ramasso-recipient-group-achievement-award-nasa\">Group Achievement Outstanding Award \u00bb 2018<\/a><\/h2>\n<\/div><\/div>\n\n\n\n<div class=\"wp-block-media-text alignwide is-stacked-on-mobile\" style=\"grid-template-columns:20% auto\"><figure class=\"wp-block-media-text__media\"><img loading=\"lazy\" decoding=\"async\" width=\"200\" height=\"200\" src=\"https:\/\/gradschool.eiphi.ubfc.fr\/wp-content\/uploads\/2023\/09\/picture-1216-1540569422.jpg\" alt=\"\" class=\"wp-image-4404 size-full\" srcset=\"https:\/\/gradschool.eiphi.ubfc.fr\/wp-content\/uploads\/2023\/09\/picture-1216-1540569422.jpg 200w, https:\/\/gradschool.eiphi.ubfc.fr\/wp-content\/uploads\/2023\/09\/picture-1216-1540569422-150x150.jpg 150w\" sizes=\"auto, (max-width: 200px) 100vw, 200px\" \/><\/figure><div class=\"wp-block-media-text__content is-layout-flow wp-block-media-text-is-layout-flow\">\n<h2 class=\"wp-block-heading\">Serge Galliou, <a href=\"https:\/\/ieee-uffc.org\/contact\/serge-galliou\">2019 IEEE UFFC G.W. Cady Award<\/a><\/h2>\n<\/div><\/div>\n\n\n\n<h1 class=\"wp-block-heading\">NRO Medals<\/h1>\n\n\n\n<div class=\"wp-block-media-text alignwide is-stacked-on-mobile\" style=\"grid-template-columns:24% auto\"><figure class=\"wp-block-media-text__media\"><img loading=\"lazy\" decoding=\"async\" width=\"385\" height=\"492\" src=\"https:\/\/gradschool.eiphi.ubfc.fr\/wp-content\/uploads\/2023\/09\/innovation.png\" alt=\"\" class=\"wp-image-4414 size-full\" srcset=\"https:\/\/gradschool.eiphi.ubfc.fr\/wp-content\/uploads\/2023\/09\/innovation.png 385w, https:\/\/gradschool.eiphi.ubfc.fr\/wp-content\/uploads\/2023\/09\/innovation-235x300.png 235w\" sizes=\"auto, (max-width: 385px) 100vw, 385px\" \/><\/figure><div class=\"wp-block-media-text__content is-layout-flow wp-block-media-text-is-layout-flow\">\n<h2 class=\"wp-block-heading\"><a href=\"https:\/\/www.femto-st.fr\/fr\/L-institut\/actualite\/daniel-hissel-laureat-de-la-medaille-de-linnovation-2020-du-cnrs\">Daniel Hissel 2020<\/a><\/h2>\n<\/div><\/div>\n\n\n\n<div class=\"wp-block-media-text alignwide is-stacked-on-mobile\" style=\"grid-template-columns:24% auto\"><figure class=\"wp-block-media-text__media\"><img loading=\"lazy\" decoding=\"async\" width=\"376\" height=\"499\" src=\"https:\/\/gradschool.eiphi.ubfc.fr\/wp-content\/uploads\/2023\/09\/MedailleBronze.png\" alt=\"\" class=\"wp-image-4407 size-full\" srcset=\"https:\/\/gradschool.eiphi.ubfc.fr\/wp-content\/uploads\/2023\/09\/MedailleBronze.png 376w, https:\/\/gradschool.eiphi.ubfc.fr\/wp-content\/uploads\/2023\/09\/MedailleBronze-226x300.png 226w\" sizes=\"auto, (max-width: 376px) 100vw, 376px\" \/><\/figure><div class=\"wp-block-media-text__content is-layout-flow wp-block-media-text-is-layout-flow\">\n<h2 class=\"wp-block-heading\"><a href=\"https:\/\/www.femto-st.fr\/fr\/L-institut\/actualite\/ceremonie-medaille-des-talents-du-cnrs-daniel-brunner-recompense\">Daniel BRUNNER 2022<\/a><\/h2>\n\n\n\n<h2 class=\"wp-block-heading\"><a href=\"https:\/\/www.femto-st.fr\/fr\/L-institut\/actualite\/medailles-de-bronze-du-cnrs-un-double-historique-pour-femto-st\">Aude Bolopion 2019<\/a><\/h2>\n\n\n\n<h2 class=\"wp-block-heading\"><a href=\"https:\/\/www.femto-st.fr\/fr\/L-institut\/actualite\/medailles-de-bronze-du-cnrs-un-double-historique-pour-femto-st\">Nadia Steiner 2019<\/a><\/h2>\n<\/div><\/div>\n\n\n\n<div class=\"wp-block-media-text alignwide is-stacked-on-mobile\" style=\"grid-template-columns:24% auto\"><figure class=\"wp-block-media-text__media\"><img loading=\"lazy\" decoding=\"async\" width=\"405\" height=\"439\" src=\"https:\/\/gradschool.eiphi.ubfc.fr\/wp-content\/uploads\/2023\/09\/MedaillesCristal_600-1.png\" alt=\"\" class=\"wp-image-4408 size-full\" srcset=\"https:\/\/gradschool.eiphi.ubfc.fr\/wp-content\/uploads\/2023\/09\/MedaillesCristal_600-1.png 405w, https:\/\/gradschool.eiphi.ubfc.fr\/wp-content\/uploads\/2023\/09\/MedaillesCristal_600-1-277x300.png 277w\" sizes=\"auto, (max-width: 405px) 100vw, 405px\" \/><\/figure><div class=\"wp-block-media-text__content is-layout-flow wp-block-media-text-is-layout-flow\">\n<h2 class=\"wp-block-heading\"><a href=\"https:\/\/endirect.univ-fcomte.fr\/publication\/talents-cnrspascaline-saire-honoree-par-une-medaille-de-cristal\/\">Pascaline SAIRE 2022<\/a><\/h2>\n<\/div><\/div>\n\n\n\n<figure class=\"wp-block-image size-full is-resized\"><img loading=\"lazy\" decoding=\"async\" src=\"https:\/\/gradschool.eiphi.ubfc.fr\/wp-content\/uploads\/2023\/09\/EyWwCY8XIAkhAFW-1.jpeg\" alt=\"\" class=\"wp-image-4409\" width=\"573\" height=\"299\" srcset=\"https:\/\/gradschool.eiphi.ubfc.fr\/wp-content\/uploads\/2023\/09\/EyWwCY8XIAkhAFW-1.jpeg 1200w, https:\/\/gradschool.eiphi.ubfc.fr\/wp-content\/uploads\/2023\/09\/EyWwCY8XIAkhAFW-1-300x157.jpeg 300w, https:\/\/gradschool.eiphi.ubfc.fr\/wp-content\/uploads\/2023\/09\/EyWwCY8XIAkhAFW-1-768x402.jpeg 768w\" sizes=\"auto, (max-width: 573px) 100vw, 573px\" \/><\/figure>\n\n\n\n<div class=\"wp-block-media-text alignwide is-stacked-on-mobile\" style=\"grid-template-columns:21% auto\"><figure class=\"wp-block-media-text__media\"><img loading=\"lazy\" decoding=\"async\" width=\"290\" height=\"290\" src=\"https:\/\/gradschool.eiphi.ubfc.fr\/wp-content\/uploads\/2023\/09\/nicolas-andreff.jpg\" alt=\"\" class=\"wp-image-4411 size-full\" srcset=\"https:\/\/gradschool.eiphi.ubfc.fr\/wp-content\/uploads\/2023\/09\/nicolas-andreff.jpg 290w, https:\/\/gradschool.eiphi.ubfc.fr\/wp-content\/uploads\/2023\/09\/nicolas-andreff-150x150.jpg 150w\" sizes=\"auto, (max-width: 290px) 100vw, 290px\" \/><\/figure><div class=\"wp-block-media-text__content is-layout-flow wp-block-media-text-is-layout-flow\">\n<h2 class=\"wp-block-heading\">N. Andreff &amp; \u00e9quipe MicroNanoRobotique Biom\u00e9dicale, <a href=\"https:\/\/www.femto-st.fr\/fr\/L-institut\/actualite\/nicolas-andreff-recoit-le-grand-prix-scientifique-2018-de-la-fondation-charles\">Grand Prix Scientifique Fondation Charles Defforey \u2013 Institut de France 2018<\/a><\/h2>\n<\/div><\/div>\n\n\n\n<h1 class=\"wp-block-heading\">Academic Recognition IUF<\/h1>\n\n\n\n<div class=\"wp-block-media-text alignwide is-stacked-on-mobile\" style=\"grid-template-columns:26% auto\"><figure class=\"wp-block-media-text__media\"><img loading=\"lazy\" decoding=\"async\" width=\"1500\" height=\"1001\" src=\"https:\/\/gradschool.eiphi.ubfc.fr\/wp-content\/uploads\/2023\/09\/Medaille-IUF-1500x1001.jpg\" alt=\"\" class=\"wp-image-4415 size-full\" srcset=\"https:\/\/gradschool.eiphi.ubfc.fr\/wp-content\/uploads\/2023\/09\/Medaille-IUF-1500x1001.jpg 1500w, https:\/\/gradschool.eiphi.ubfc.fr\/wp-content\/uploads\/2023\/09\/Medaille-IUF-300x200.jpg 300w, https:\/\/gradschool.eiphi.ubfc.fr\/wp-content\/uploads\/2023\/09\/Medaille-IUF-768x513.jpg 768w, https:\/\/gradschool.eiphi.ubfc.fr\/wp-content\/uploads\/2023\/09\/Medaille-IUF-1536x1025.jpg 1536w, https:\/\/gradschool.eiphi.ubfc.fr\/wp-content\/uploads\/2023\/09\/Medaille-IUF.jpg 1600w\" sizes=\"auto, (max-width: 1500px) 100vw, 1500px\" \/><\/figure><div class=\"wp-block-media-text__content is-layout-flow wp-block-media-text-is-layout-flow\">\n<h2 class=\"wp-block-heading\"><a href=\"https:\/\/icb.u-bourgogne.fr\/actualites-fr\/apres-liuf-senior-guy-millot-est-nomme-fellow-eos-2019-2020\/\">Guy Millot, IUF Senior 2019<\/a><\/h2>\n\n\n\n<h2 class=\"wp-block-heading\"><a href=\"https:\/\/www.u-bourgogne.fr\/universite\/distinctions\/christian-klein-nomme-membre-senior-de-linstitut-universitaire-de-france.html\">Christian KLEIN, IUF Senior 2021<\/a><\/h2>\n\n\n\n<h2 class=\"wp-block-heading\"><a href=\"https:\/\/www.femto-st.fr\/fr\/L-institut\/actualite\/femto-st-2-enseignants-chercheurs-nommes-liuf-dans-sa-promotion-2022\">Ausrine BARTASYTE, IUF Junior 2022<\/a><\/h2>\n\n\n\n<h2 class=\"wp-block-heading\"><a href=\"https:\/\/www.femto-st.fr\/fr\/L-institut\/actualite\/femto-st-2-enseignants-chercheurs-nommes-liuf-dans-sa-promotion-2022\">Daniel HISSEL, IUF Senior 2022<\/a><\/h2>\n<\/div><\/div>\n\n\n\n<h1 class=\"wp-block-heading\">Other Academic and Scientific Recognition<\/h1>\n\n\n\n<p>John Dudley, Honorary Fellow of the Royal Society of New Zealand 2019;<\/p>\n\n\n\n<p>Toky Rabenimanana et al., 2019 ASME Design Engineering Division 3rd Best Paper Award;Kevin Billon et al., 2019 ASME Aerospace Division Best Journal Paper Award;<\/p>\n\n\n\n<p>Thierry Barri\u00e8re, EPMA Keynote Paper Award, Euro PM2019 Maastricht;<\/p>\n\n\n\n<p>Mehdi ZAOUI et al., Best poster Award, LMP\u201919, Prague ;<\/p>\n\n\n\n<p>C\u00e9dric BONNARDOT et al., 1erPrix Poster CFM2019, Brest ;<\/p>\n\n\n\n<p>Vladimir Gauthier, projet Cell-Select, 1er Prix national concours PEPITE des jeunes cr\u00e9ateurs d\u2019entreprises innovantes 2019 ;<\/p>\n\n\n\n<p>Romain Viala, projet Micad, 2nd Prix concours PEPITE des jeunes cr\u00e9ateurs d\u2019entreprises innovantes 2019 ;<\/p>\n\n\n\n<p>Ga\u00ebl Matten, projet Vibiscus, laur\u00e9at finale r\u00e9gionale du concours docteurs entrepreneurs aux Chercheurs-Entrepreneurs Challenges 2019 ;<\/p>\n\n\n\n<p>Grand Prix du Jury, Concours national innovation I-PhD 2019 ;Maya Geagea, projet Aniopac, Laur\u00e9ate Concours national innovation I-PhD 2019 ;<\/p>\n\n\n\n<p>H. Maillotte, Outstanding referee of Light: Science &amp; Applications 2019 (Springer Nature);<\/p>\n\n\n\n<p>Bertrand KIBLER, Prix Fabry de Gramont 2020 Soci\u00e9t\u00e9 Fran\u00e7aise d\u2019Optique<\/p>\n\n\n\n<p>Fellow Members: L. LARGER OSA &amp; IEEE 2021; J. DUDLEY SPIE 2020; G. MILLOT EOS 2019-20<br>G. CLEMENTI Grand Prix i-PhD 2021<br>A. MAKHOUL winner int. contest @ICFHR\u201920<br>C. BONATTI Int. Conf. for its 60th birthday<br>D. SUGNY 2021 APS Outstanding Referee<br>H. MAILLOTTE Outstanding Editor 2020 Light-Science&amp;Applications<br>B. WACOGNE Best Paper 13th Int. Conf. Biomed. Electron. &amp; Devices -&gt; co-Chair Biodevices\u201921<br>L.GRZELAK &amp; A. LASSERRE Best Student Presentation IEEE SENSORS France Workshop 2020<\/p>\n\n\n\n<p>V. LESCURE M2 Bolle SF2M<\/p>\n\n\n\n<p>L. AUDOUARD doct. GFDM-FACE<\/p>\n\n\n\n<p>S. MERAGHNI doct. PEPITE<\/p>\n\n\n\n<p>S. HERMANN doct. Germain AFM<\/p>\n\n\n\n<p>+ 2 startups Laur\u00e9ates I-Lab22<\/p>\n\n\n\n<p>+ 4 dist. internat.<\/p>\n\n\n\n<p>+ 2 Prix nat.<\/p>\n\n\n\n<p>Best pres\/poster<\/p>\n\n\n\n<p>Doctorants : J. GOVILAS ESBBC, F. XIAO MIM, P. THALAMY DARS, J. IGLESIAS IEE-IUS, A. MAHMOUD<\/p>\n\n\n\n<p>IEEE-SENS-FR, W. d\u2019ODET Or-nano, C. CARLE IFCS-EFTF, M. ROMAIN Gold\u201922, G. ADAM PhD Purdue<\/p>\n\n\n\n<p>MARSS, V. DANSAGE SFP-Carnot-Pasteur, S. MOUHTADI SCF-Carnot-Pasteur, Q. GAUDILLAT GDR B2i<\/p>\n\n\n\n<p>+ 4 best pres. Chercheurs<\/p>\n","protected":false},"excerpt":{"rendered":"<p>ERC Daniel BRUNNER, ERC Consolidator INSPIRE 2021 Jean-Julien AUCOUTURIER, DR CNRS (en mutation 2021 de l\u2019IRCAM \u00e0 FEMTO-ST), ERC Proof ofConcept ACTIVATE (obtenue hors EIPHI, mutation post\u00e9rieure \u00e0 l&#8217;obtention d&#8217;ERC) Sarah BENCHABANE, ERC Consolidator grant 2019 Nanophonics for Quantum Information Processing Project European Projects St\u00e9phane GUERIN, Erasmus MUNDUS QuanTEEM (ccord. St\u00e9phane GUERIN) Erasmus Mundus : [&hellip;]<\/p>\n","protected":false},"author":3,"featured_media":0,"parent":0,"menu_order":0,"comment_status":"closed","ping_status":"closed","template":"page-type.php","meta":{"_acf_changed":false,"footnotes":""},"class_list":["post-4317","page","type-page","status-publish","hentry"],"acf":[],"_links":{"self":[{"href":"https:\/\/gradschool.eiphi.ubfc.fr\/index.php?rest_route=\/wp\/v2\/pages\/4317","targetHints":{"allow":["GET"]}}],"collection":[{"href":"https:\/\/gradschool.eiphi.ubfc.fr\/index.php?rest_route=\/wp\/v2\/pages"}],"about":[{"href":"https:\/\/gradschool.eiphi.ubfc.fr\/index.php?rest_route=\/wp\/v2\/types\/page"}],"author":[{"embeddable":true,"href":"https:\/\/gradschool.eiphi.ubfc.fr\/index.php?rest_route=\/wp\/v2\/users\/3"}],"replies":[{"embeddable":true,"href":"https:\/\/gradschool.eiphi.ubfc.fr\/index.php?rest_route=%2Fwp%2Fv2%2Fcomments&post=4317"}],"version-history":[{"count":24,"href":"https:\/\/gradschool.eiphi.ubfc.fr\/index.php?rest_route=\/wp\/v2\/pages\/4317\/revisions"}],"predecessor-version":[{"id":4560,"href":"https:\/\/gradschool.eiphi.ubfc.fr\/index.php?rest_route=\/wp\/v2\/pages\/4317\/revisions\/4560"}],"wp:attachment":[{"href":"https:\/\/gradschool.eiphi.ubfc.fr\/index.php?rest_route=%2Fwp%2Fv2%2Fmedia&parent=4317"}],"curies":[{"name":"wp","href":"https:\/\/api.w.org\/{rel}","templated":true}]}}